{"id":1321,"date":"2024-08-29T11:27:14","date_gmt":"2024-08-29T09:27:14","guid":{"rendered":"https:\/\/dev.garbinye.net\/?page_id=1321"},"modified":"2024-08-29T11:36:44","modified_gmt":"2024-08-29T09:36:44","slug":"noticias","status":"publish","type":"page","link":"https:\/\/www.garbinye.net\/es\/noticias\/","title":{"rendered":"Noticias"},"content":{"rendered":"\t\t<div data-elementor-type=\"wp-page\" data-elementor-id=\"1321\" class=\"elementor elementor-1321\" data-elementor-post-type=\"page\">\n\t\t\t\t<div class=\"elementor-element elementor-element-e0be451 e-flex e-con-boxed e-con e-parent\" data-id=\"e0be451\" data-element_type=\"container\" data-e-type=\"container\" data-settings=\"{&quot;background_background&quot;:&quot;classic&quot;}\">\n\t\t\t\t\t<div class=\"e-con-inner\">\n\t\t\t\t<div class=\"elementor-element elementor-element-6d98d5a elementor-widget elementor-widget-heading\" data-id=\"6d98d5a\" data-element_type=\"widget\" data-e-type=\"widget\" data-widget_type=\"heading.default\">\n\t\t\t\t<div class=\"elementor-widget-container\">\n\t\t\t\t\t<h1 class=\"elementor-heading-title elementor-size-default\">Noticias<\/h1>\t\t\t\t<\/div>\n\t\t\t\t<\/div>\n\t\t\t\t\t<\/div>\n\t\t\t\t<\/div>\n\t\t<div class=\"elementor-element elementor-element-2ea2523 e-flex e-con-boxed e-con e-parent\" data-id=\"2ea2523\" data-element_type=\"container\" data-e-type=\"container\">\n\t\t\t\t\t<div class=\"e-con-inner\">\n\t\t<div class=\"elementor-element elementor-element-2196910 e-con-full e-flex e-con e-child\" data-id=\"2196910\" data-element_type=\"container\" data-e-type=\"container\">\n\t\t\t\t<div class=\"elementor-element elementor-element-fbfd106 elementor-posts--align-left elementor-grid-3 elementor-grid-tablet-2 elementor-grid-mobile-1 elementor-posts--thumbnail-top elementor-widget elementor-widget-posts\" data-id=\"fbfd106\" data-element_type=\"widget\" data-e-type=\"widget\" data-settings=\"{&quot;pagination_type&quot;:&quot;numbers_and_prev_next&quot;,&quot;classic_columns&quot;:&quot;3&quot;,&quot;classic_columns_tablet&quot;:&quot;2&quot;,&quot;classic_columns_mobile&quot;:&quot;1&quot;,&quot;classic_row_gap&quot;:{&quot;unit&quot;:&quot;px&quot;,&quot;size&quot;:35,&quot;sizes&quot;:[]},&quot;classic_row_gap_tablet&quot;:{&quot;unit&quot;:&quot;px&quot;,&quot;size&quot;:&quot;&quot;,&quot;sizes&quot;:[]},&quot;classic_row_gap_mobile&quot;:{&quot;unit&quot;:&quot;px&quot;,&quot;size&quot;:&quot;&quot;,&quot;sizes&quot;:[]}}\" data-widget_type=\"posts.classic\">\n\t\t\t\t<div class=\"elementor-widget-container\">\n\t\t\t\t\t\t\t<div class=\"elementor-posts-container elementor-posts elementor-posts--skin-classic elementor-grid\" role=\"list\">\n\t\t\t\t<article class=\"elementor-post elementor-grid-item post-1904 post type-post status-publish format-standard has-post-thumbnail hentry category-sin-categorizar\" role=\"listitem\">\n\t\t\t\t<a class=\"elementor-post__thumbnail__link\" href=\"https:\/\/www.garbinye.net\/es\/jugamos-a-hacer-la-mona-de-pascua-a-infantil\/\" tabindex=\"-1\" >\n\t\t\t<div class=\"elementor-post__thumbnail\"><img fetchpriority=\"high\" decoding=\"async\" width=\"800\" height=\"800\" src=\"https:\/\/www.garbinye.net\/wp-content\/uploads\/2025\/05\/CAST-1024x1024.png\" class=\"attachment-large size-large wp-image-1668\" alt=\"\" srcset=\"https:\/\/www.garbinye.net\/wp-content\/uploads\/2025\/05\/CAST-1024x1024.png 1024w, https:\/\/www.garbinye.net\/wp-content\/uploads\/2025\/05\/CAST-300x300.png 300w, https:\/\/www.garbinye.net\/wp-content\/uploads\/2025\/05\/CAST-150x150.png 150w, https:\/\/www.garbinye.net\/wp-content\/uploads\/2025\/05\/CAST-768x768.png 768w, https:\/\/www.garbinye.net\/wp-content\/uploads\/2025\/05\/CAST.png 1080w\" sizes=\"(max-width: 800px) 100vw, 800px\" \/><\/div>\n\t\t<\/a>\n\t\t\t\t<div class=\"elementor-post__text\">\n\t\t\t\t<h3 class=\"elementor-post__title\">\n\t\t\t<a href=\"https:\/\/www.garbinye.net\/es\/jugamos-a-hacer-la-mona-de-pascua-a-infantil\/\" >\n\t\t\t\tJUGAMOS A HACER LA MONA DE PASCUA A INFANTIL\t\t\t<\/a>\n\t\t<\/h3>\n\t\t\t\t<div class=\"elementor-post__meta-data\">\n\t\t\t\t\t<span class=\"elementor-post-date\">\n\t\t\t7 de abril de 2026\t\t<\/span>\n\t\t\t\t<\/div>\n\t\t\t\t<div class=\"elementor-post__excerpt\">\n\t\t\t<p>El viernes 27 de marzo, los cursos de I3, I4 e I5 de infantil celebraron la Mona de Pascua en<\/p>\n\t\t<\/div>\n\t\t\n\t\t<a class=\"elementor-post__read-more\" href=\"https:\/\/www.garbinye.net\/es\/jugamos-a-hacer-la-mona-de-pascua-a-infantil\/\" aria-label=\"Read more about JUGAMOS A HACER LA MONA DE PASCUA A INFANTIL\" tabindex=\"-1\" >\n\t\t\tLeer m\u00e1s\t\t<\/a>\n\n\t\t\t\t<\/div>\n\t\t\t\t<\/article>\n\t\t\t\t<article class=\"elementor-post elementor-grid-item post-1900 post type-post status-publish format-standard has-post-thumbnail hentry category-sin-categorizar\" role=\"listitem\">\n\t\t\t\t<a class=\"elementor-post__thumbnail__link\" href=\"https:\/\/www.garbinye.net\/es\/salida-cultural-de-1o-y-2o-a-los-bomberos\/\" tabindex=\"-1\" >\n\t\t\t<div class=\"elementor-post__thumbnail\"><img decoding=\"async\" width=\"800\" height=\"450\" src=\"https:\/\/www.garbinye.net\/wp-content\/uploads\/2026\/04\/CASTE-2-1024x576.png\" class=\"attachment-large size-large wp-image-1898\" alt=\"\" srcset=\"https:\/\/www.garbinye.net\/wp-content\/uploads\/2026\/04\/CASTE-2-1024x576.png 1024w, https:\/\/www.garbinye.net\/wp-content\/uploads\/2026\/04\/CASTE-2-300x169.png 300w, https:\/\/www.garbinye.net\/wp-content\/uploads\/2026\/04\/CASTE-2-768x432.png 768w, https:\/\/www.garbinye.net\/wp-content\/uploads\/2026\/04\/CASTE-2-1536x864.png 1536w, https:\/\/www.garbinye.net\/wp-content\/uploads\/2026\/04\/CASTE-2.png 1920w\" sizes=\"(max-width: 800px) 100vw, 800px\" \/><\/div>\n\t\t<\/a>\n\t\t\t\t<div class=\"elementor-post__text\">\n\t\t\t\t<h3 class=\"elementor-post__title\">\n\t\t\t<a href=\"https:\/\/www.garbinye.net\/es\/salida-cultural-de-1o-y-2o-a-los-bomberos\/\" >\n\t\t\t\tSALIDA CULTURAL DE 1\u00ba Y 2\u00ba A LOS BOMBEROS\t\t\t<\/a>\n\t\t<\/h3>\n\t\t\t\t<div class=\"elementor-post__meta-data\">\n\t\t\t\t\t<span class=\"elementor-post-date\">\n\t\t\t7 de abril de 2026\t\t<\/span>\n\t\t\t\t<\/div>\n\t\t\t\t<div class=\"elementor-post__excerpt\">\n\t\t\t<p>El viernes 27 de marzo, nuestros alumnos de 1\u00ba y 2\u00ba de primaria fueron de excursi\u00f3n a los bomberos de<\/p>\n\t\t<\/div>\n\t\t\n\t\t<a class=\"elementor-post__read-more\" href=\"https:\/\/www.garbinye.net\/es\/salida-cultural-de-1o-y-2o-a-los-bomberos\/\" aria-label=\"Read more about SALIDA CULTURAL DE 1\u00ba Y 2\u00ba A LOS BOMBEROS\" tabindex=\"-1\" >\n\t\t\tLeer m\u00e1s\t\t<\/a>\n\n\t\t\t\t<\/div>\n\t\t\t\t<\/article>\n\t\t\t\t<article class=\"elementor-post elementor-grid-item post-1892 post type-post status-publish format-standard has-post-thumbnail hentry category-sin-categorizar\" role=\"listitem\">\n\t\t\t\t<a class=\"elementor-post__thumbnail__link\" href=\"https:\/\/www.garbinye.net\/es\/salida-de-quinto-al-recital-antirracista-2\/\" tabindex=\"-1\" >\n\t\t\t<div class=\"elementor-post__thumbnail\"><img decoding=\"async\" width=\"576\" height=\"1024\" src=\"https:\/\/www.garbinye.net\/wp-content\/uploads\/2026\/04\/CASTE-1-576x1024.png\" class=\"attachment-large size-large wp-image-1890\" alt=\"\" srcset=\"https:\/\/www.garbinye.net\/wp-content\/uploads\/2026\/04\/CASTE-1-576x1024.png 576w, https:\/\/www.garbinye.net\/wp-content\/uploads\/2026\/04\/CASTE-1-169x300.png 169w, https:\/\/www.garbinye.net\/wp-content\/uploads\/2026\/04\/CASTE-1-768x1365.png 768w, https:\/\/www.garbinye.net\/wp-content\/uploads\/2026\/04\/CASTE-1-864x1536.png 864w, https:\/\/www.garbinye.net\/wp-content\/uploads\/2026\/04\/CASTE-1.png 1080w\" sizes=\"(max-width: 576px) 100vw, 576px\" \/><\/div>\n\t\t<\/a>\n\t\t\t\t<div class=\"elementor-post__text\">\n\t\t\t\t<h3 class=\"elementor-post__title\">\n\t\t\t<a href=\"https:\/\/www.garbinye.net\/es\/salida-de-quinto-al-recital-antirracista-2\/\" >\n\t\t\t\tSALIDA DE QUINTO AL RECITAL ANTIRRACISTA\t\t\t<\/a>\n\t\t<\/h3>\n\t\t\t\t<div class=\"elementor-post__meta-data\">\n\t\t\t\t\t<span class=\"elementor-post-date\">\n\t\t\t7 de abril de 2026\t\t<\/span>\n\t\t\t\t<\/div>\n\t\t\t\t<div class=\"elementor-post__excerpt\">\n\t\t\t<p>El jueves 26 de marzo el curso de quinto de primaria fue al centro c\u00edvico Sala Pepita Casanellas para participar<\/p>\n\t\t<\/div>\n\t\t\n\t\t<a class=\"elementor-post__read-more\" href=\"https:\/\/www.garbinye.net\/es\/salida-de-quinto-al-recital-antirracista-2\/\" aria-label=\"Read more about SALIDA DE QUINTO AL RECITAL ANTIRRACISTA\" tabindex=\"-1\" >\n\t\t\tLeer m\u00e1s\t\t<\/a>\n\n\t\t\t\t<\/div>\n\t\t\t\t<\/article>\n\t\t\t\t<article class=\"elementor-post elementor-grid-item post-1884 post type-post status-publish format-standard has-post-thumbnail hentry category-sin-categorizar\" role=\"listitem\">\n\t\t\t\t<a class=\"elementor-post__thumbnail__link\" href=\"https:\/\/www.garbinye.net\/es\/excursion-en-la-escuela-de-tercero-y-cuarto\/\" tabindex=\"-1\" >\n\t\t\t<div class=\"elementor-post__thumbnail\"><img loading=\"lazy\" decoding=\"async\" width=\"724\" height=\"1024\" src=\"https:\/\/www.garbinye.net\/wp-content\/uploads\/2026\/04\/CASTE-724x1024.png\" class=\"attachment-large size-large wp-image-1881\" alt=\"\" srcset=\"https:\/\/www.garbinye.net\/wp-content\/uploads\/2026\/04\/CASTE-724x1024.png 724w, https:\/\/www.garbinye.net\/wp-content\/uploads\/2026\/04\/CASTE-212x300.png 212w, https:\/\/www.garbinye.net\/wp-content\/uploads\/2026\/04\/CASTE-768x1086.png 768w, https:\/\/www.garbinye.net\/wp-content\/uploads\/2026\/04\/CASTE-1086x1536.png 1086w, https:\/\/www.garbinye.net\/wp-content\/uploads\/2026\/04\/CASTE.png 1414w\" sizes=\"(max-width: 724px) 100vw, 724px\" \/><\/div>\n\t\t<\/a>\n\t\t\t\t<div class=\"elementor-post__text\">\n\t\t\t\t<h3 class=\"elementor-post__title\">\n\t\t\t<a href=\"https:\/\/www.garbinye.net\/es\/excursion-en-la-escuela-de-tercero-y-cuarto\/\" >\n\t\t\t\tEXCURSI\u00d3N EN LA ESCUELA DE TERCERO Y CUARTO\t\t\t<\/a>\n\t\t<\/h3>\n\t\t\t\t<div class=\"elementor-post__meta-data\">\n\t\t\t\t\t<span class=\"elementor-post-date\">\n\t\t\t7 de abril de 2026\t\t<\/span>\n\t\t\t\t<\/div>\n\t\t\t\t<div class=\"elementor-post__excerpt\">\n\t\t\t<p>El lunes 23 de marzo, los cursos de tercero y cuarto de primaria hicieron un taller de meteorolog\u00eda en la<\/p>\n\t\t<\/div>\n\t\t\n\t\t<a class=\"elementor-post__read-more\" href=\"https:\/\/www.garbinye.net\/es\/excursion-en-la-escuela-de-tercero-y-cuarto\/\" aria-label=\"Read more about EXCURSI\u00d3N EN LA ESCUELA DE TERCERO Y CUARTO\" tabindex=\"-1\" >\n\t\t\tLeer m\u00e1s\t\t<\/a>\n\n\t\t\t\t<\/div>\n\t\t\t\t<\/article>\n\t\t\t\t<article class=\"elementor-post elementor-grid-item post-1869 post type-post status-publish format-standard has-post-thumbnail hentry category-sin-categorizar\" role=\"listitem\">\n\t\t\t\t<a class=\"elementor-post__thumbnail__link\" href=\"https:\/\/www.garbinye.net\/es\/os-esperamos-a-las-puertas-abiertas-del-colegio-garbine\/\" tabindex=\"-1\" >\n\t\t\t<div class=\"elementor-post__thumbnail\"><img loading=\"lazy\" decoding=\"async\" width=\"724\" height=\"1024\" src=\"https:\/\/www.garbinye.net\/wp-content\/uploads\/2026\/02\/CASTE-2-724x1024.png\" class=\"attachment-large size-large wp-image-1867\" alt=\"\" srcset=\"https:\/\/www.garbinye.net\/wp-content\/uploads\/2026\/02\/CASTE-2-724x1024.png 724w, https:\/\/www.garbinye.net\/wp-content\/uploads\/2026\/02\/CASTE-2-212x300.png 212w, https:\/\/www.garbinye.net\/wp-content\/uploads\/2026\/02\/CASTE-2-768x1086.png 768w, https:\/\/www.garbinye.net\/wp-content\/uploads\/2026\/02\/CASTE-2-1086x1536.png 1086w, https:\/\/www.garbinye.net\/wp-content\/uploads\/2026\/02\/CASTE-2.png 1414w\" sizes=\"(max-width: 724px) 100vw, 724px\" \/><\/div>\n\t\t<\/a>\n\t\t\t\t<div class=\"elementor-post__text\">\n\t\t\t\t<h3 class=\"elementor-post__title\">\n\t\t\t<a href=\"https:\/\/www.garbinye.net\/es\/os-esperamos-a-las-puertas-abiertas-del-colegio-garbine\/\" >\n\t\t\t\tOS ESPERAMOS A LAS PUERTAS ABIERTAS DEL COLEGIO GARBI\u00d1E\t\t\t<\/a>\n\t\t<\/h3>\n\t\t\t\t<div class=\"elementor-post__meta-data\">\n\t\t\t\t\t<span class=\"elementor-post-date\">\n\t\t\t18 de febrero de 2026\t\t<\/span>\n\t\t\t\t<\/div>\n\t\t\t\t<div class=\"elementor-post__excerpt\">\n\t\t\t<p>El s\u00e1bado 21 de febrero est\u00e1n invitadas todas aquellas familias que quieran visitar y saber c\u00f3mo trabajamos en nuestra escuela,<\/p>\n\t\t<\/div>\n\t\t\n\t\t<a class=\"elementor-post__read-more\" href=\"https:\/\/www.garbinye.net\/es\/os-esperamos-a-las-puertas-abiertas-del-colegio-garbine\/\" aria-label=\"Read more about OS ESPERAMOS A LAS PUERTAS ABIERTAS DEL COLEGIO GARBI\u00d1E\" tabindex=\"-1\" >\n\t\t\tLeer m\u00e1s\t\t<\/a>\n\n\t\t\t\t<\/div>\n\t\t\t\t<\/article>\n\t\t\t\t<article class=\"elementor-post elementor-grid-item post-1861 post type-post status-publish format-standard has-post-thumbnail hentry category-sin-categorizar\" role=\"listitem\">\n\t\t\t\t<a class=\"elementor-post__thumbnail__link\" href=\"https:\/\/www.garbinye.net\/es\/al-final-llego-a-garbine-la-semana-de-carnaval\/\" tabindex=\"-1\" >\n\t\t\t<div class=\"elementor-post__thumbnail\"><img loading=\"lazy\" decoding=\"async\" width=\"724\" height=\"1024\" src=\"https:\/\/www.garbinye.net\/wp-content\/uploads\/2026\/02\/CASTE-1-724x1024.png\" class=\"attachment-large size-large wp-image-1860\" alt=\"\" srcset=\"https:\/\/www.garbinye.net\/wp-content\/uploads\/2026\/02\/CASTE-1-724x1024.png 724w, https:\/\/www.garbinye.net\/wp-content\/uploads\/2026\/02\/CASTE-1-212x300.png 212w, https:\/\/www.garbinye.net\/wp-content\/uploads\/2026\/02\/CASTE-1-768x1086.png 768w, https:\/\/www.garbinye.net\/wp-content\/uploads\/2026\/02\/CASTE-1-1086x1536.png 1086w, https:\/\/www.garbinye.net\/wp-content\/uploads\/2026\/02\/CASTE-1.png 1414w\" sizes=\"(max-width: 724px) 100vw, 724px\" \/><\/div>\n\t\t<\/a>\n\t\t\t\t<div class=\"elementor-post__text\">\n\t\t\t\t<h3 class=\"elementor-post__title\">\n\t\t\t<a href=\"https:\/\/www.garbinye.net\/es\/al-final-llego-a-garbine-la-semana-de-carnaval\/\" >\n\t\t\t\tAL FINAL LLEG\u00d3 A GARBI\u00d1E\u2026 \u00a1LA SEMANA DE CARNAVAL!\t\t\t<\/a>\n\t\t<\/h3>\n\t\t\t\t<div class=\"elementor-post__meta-data\">\n\t\t\t\t\t<span class=\"elementor-post-date\">\n\t\t\t18 de febrero de 2026\t\t<\/span>\n\t\t\t\t<\/div>\n\t\t\t\t<div class=\"elementor-post__excerpt\">\n\t\t\t<p>Por fin lleg\u00f3 de las semanas m\u00e1s esperadas por el alumnado\u2026 \u00a1La semana de Carnaval! Cada d\u00eda hay una consigna<\/p>\n\t\t<\/div>\n\t\t\n\t\t<a class=\"elementor-post__read-more\" href=\"https:\/\/www.garbinye.net\/es\/al-final-llego-a-garbine-la-semana-de-carnaval\/\" aria-label=\"Read more about AL FINAL LLEG\u00d3 A GARBI\u00d1E\u2026 \u00a1LA SEMANA DE CARNAVAL!\" tabindex=\"-1\" >\n\t\t\tLeer m\u00e1s\t\t<\/a>\n\n\t\t\t\t<\/div>\n\t\t\t\t<\/article>\n\t\t\t\t<article class=\"elementor-post elementor-grid-item post-1853 post type-post status-publish format-standard has-post-thumbnail hentry category-sin-categorizar\" role=\"listitem\">\n\t\t\t\t<a class=\"elementor-post__thumbnail__link\" href=\"https:\/\/www.garbinye.net\/es\/salida-cultural-de-i5-a-la-fundacion-joan-miro\/\" tabindex=\"-1\" >\n\t\t\t<div class=\"elementor-post__thumbnail\"><img loading=\"lazy\" decoding=\"async\" width=\"724\" height=\"1024\" src=\"https:\/\/www.garbinye.net\/wp-content\/uploads\/2026\/02\/CASTE-724x1024.png\" class=\"attachment-large size-large wp-image-1850\" alt=\"\" srcset=\"https:\/\/www.garbinye.net\/wp-content\/uploads\/2026\/02\/CASTE-724x1024.png 724w, https:\/\/www.garbinye.net\/wp-content\/uploads\/2026\/02\/CASTE-212x300.png 212w, https:\/\/www.garbinye.net\/wp-content\/uploads\/2026\/02\/CASTE-768x1086.png 768w, https:\/\/www.garbinye.net\/wp-content\/uploads\/2026\/02\/CASTE-1086x1536.png 1086w, https:\/\/www.garbinye.net\/wp-content\/uploads\/2026\/02\/CASTE.png 1414w\" sizes=\"(max-width: 724px) 100vw, 724px\" \/><\/div>\n\t\t<\/a>\n\t\t\t\t<div class=\"elementor-post__text\">\n\t\t\t\t<h3 class=\"elementor-post__title\">\n\t\t\t<a href=\"https:\/\/www.garbinye.net\/es\/salida-cultural-de-i5-a-la-fundacion-joan-miro\/\" >\n\t\t\t\tSALIDA CULTURAL DE I5 A LA \u201cFUNDACI\u00d3N JOAN MIR\u00d3\u201d\t\t\t<\/a>\n\t\t<\/h3>\n\t\t\t\t<div class=\"elementor-post__meta-data\">\n\t\t\t\t\t<span class=\"elementor-post-date\">\n\t\t\t18 de febrero de 2026\t\t<\/span>\n\t\t\t\t<\/div>\n\t\t\t\t<div class=\"elementor-post__excerpt\">\n\t\t\t<p>El jueves 5 de febrero el alumnado de I5 fue de excursi\u00f3n a la \u201cFundaci\u00f3n Joan Mir\u00f3\u201d. Visitaron la fundaci\u00f3n<\/p>\n\t\t<\/div>\n\t\t\n\t\t<a class=\"elementor-post__read-more\" href=\"https:\/\/www.garbinye.net\/es\/salida-cultural-de-i5-a-la-fundacion-joan-miro\/\" aria-label=\"Read more about SALIDA CULTURAL DE I5 A LA \u201cFUNDACI\u00d3N JOAN MIR\u00d3\u201d\" tabindex=\"-1\" >\n\t\t\tLeer m\u00e1s\t\t<\/a>\n\n\t\t\t\t<\/div>\n\t\t\t\t<\/article>\n\t\t\t\t<article class=\"elementor-post elementor-grid-item post-1841 post type-post status-publish format-standard has-post-thumbnail hentry category-sin-categorizar\" role=\"listitem\">\n\t\t\t\t<a class=\"elementor-post__thumbnail__link\" href=\"https:\/\/www.garbinye.net\/es\/ultimo-dia-del-primer-trimestre-divertido\/\" tabindex=\"-1\" >\n\t\t\t<div class=\"elementor-post__thumbnail\"><img loading=\"lazy\" decoding=\"async\" width=\"800\" height=\"567\" src=\"https:\/\/www.garbinye.net\/wp-content\/uploads\/2025\/12\/CASTE-2-1024x726.png\" class=\"attachment-large size-large wp-image-1840\" alt=\"\" srcset=\"https:\/\/www.garbinye.net\/wp-content\/uploads\/2025\/12\/CASTE-2-1024x726.png 1024w, https:\/\/www.garbinye.net\/wp-content\/uploads\/2025\/12\/CASTE-2-300x213.png 300w, https:\/\/www.garbinye.net\/wp-content\/uploads\/2025\/12\/CASTE-2-768x545.png 768w, https:\/\/www.garbinye.net\/wp-content\/uploads\/2025\/12\/CASTE-2-1536x1090.png 1536w, https:\/\/www.garbinye.net\/wp-content\/uploads\/2025\/12\/CASTE-2.png 1748w\" sizes=\"(max-width: 800px) 100vw, 800px\" \/><\/div>\n\t\t<\/a>\n\t\t\t\t<div class=\"elementor-post__text\">\n\t\t\t\t<h3 class=\"elementor-post__title\">\n\t\t\t<a href=\"https:\/\/www.garbinye.net\/es\/ultimo-dia-del-primer-trimestre-divertido\/\" >\n\t\t\t\t\u00daLTIMO D\u00cdA DEL PRIMER TRIMESTRE DIVERTIDO\t\t\t<\/a>\n\t\t<\/h3>\n\t\t\t\t<div class=\"elementor-post__meta-data\">\n\t\t\t\t\t<span class=\"elementor-post-date\">\n\t\t\t31 de diciembre de 2025\t\t<\/span>\n\t\t\t\t<\/div>\n\t\t\t\t<div class=\"elementor-post__excerpt\">\n\t\t\t<p>El viernes 19 de diciembre, todo nuestro alumnado se divirti\u00f3 en la escuela. Para los de infantil, 1ro y 2do<\/p>\n\t\t<\/div>\n\t\t\n\t\t<a class=\"elementor-post__read-more\" href=\"https:\/\/www.garbinye.net\/es\/ultimo-dia-del-primer-trimestre-divertido\/\" aria-label=\"Read more about \u00daLTIMO D\u00cdA DEL PRIMER TRIMESTRE DIVERTIDO\" tabindex=\"-1\" >\n\t\t\tLeer m\u00e1s\t\t<\/a>\n\n\t\t\t\t<\/div>\n\t\t\t\t<\/article>\n\t\t\t\t<article class=\"elementor-post elementor-grid-item post-1833 post type-post status-publish format-standard has-post-thumbnail hentry category-sin-categorizar\" role=\"listitem\">\n\t\t\t\t<a class=\"elementor-post__thumbnail__link\" href=\"https:\/\/www.garbinye.net\/es\/la-carta-a-los-reyes-magos-en-infantil-con-los-grandes-de-la-escuela\/\" tabindex=\"-1\" >\n\t\t\t<div class=\"elementor-post__thumbnail\"><img loading=\"lazy\" decoding=\"async\" width=\"724\" height=\"1024\" src=\"https:\/\/www.garbinye.net\/wp-content\/uploads\/2025\/12\/CASTE-1-724x1024.png\" class=\"attachment-large size-large wp-image-1831\" alt=\"\" srcset=\"https:\/\/www.garbinye.net\/wp-content\/uploads\/2025\/12\/CASTE-1-724x1024.png 724w, https:\/\/www.garbinye.net\/wp-content\/uploads\/2025\/12\/CASTE-1-212x300.png 212w, https:\/\/www.garbinye.net\/wp-content\/uploads\/2025\/12\/CASTE-1-768x1086.png 768w, https:\/\/www.garbinye.net\/wp-content\/uploads\/2025\/12\/CASTE-1-1086x1536.png 1086w, https:\/\/www.garbinye.net\/wp-content\/uploads\/2025\/12\/CASTE-1-1448x2048.png 1448w, https:\/\/www.garbinye.net\/wp-content\/uploads\/2025\/12\/CASTE-1.png 1587w\" sizes=\"(max-width: 724px) 100vw, 724px\" \/><\/div>\n\t\t<\/a>\n\t\t\t\t<div class=\"elementor-post__text\">\n\t\t\t\t<h3 class=\"elementor-post__title\">\n\t\t\t<a href=\"https:\/\/www.garbinye.net\/es\/la-carta-a-los-reyes-magos-en-infantil-con-los-grandes-de-la-escuela\/\" >\n\t\t\t\tLA CARTA A LOS REYES MAGOS EN INFANTIL CON LOS GRANDES DE LA ESCUELA\t\t\t<\/a>\n\t\t<\/h3>\n\t\t\t\t<div class=\"elementor-post__meta-data\">\n\t\t\t\t\t<span class=\"elementor-post-date\">\n\t\t\t31 de diciembre de 2025\t\t<\/span>\n\t\t\t\t<\/div>\n\t\t\t\t<div class=\"elementor-post__excerpt\">\n\t\t\t<p>El lunes 15 de diciembre, nuestros alumnos de 6\u00ba y 5\u00ba de primaria ayudaron a los m\u00e1s peque\u00f1os de I3,<\/p>\n\t\t<\/div>\n\t\t\n\t\t<a class=\"elementor-post__read-more\" href=\"https:\/\/www.garbinye.net\/es\/la-carta-a-los-reyes-magos-en-infantil-con-los-grandes-de-la-escuela\/\" aria-label=\"Read more about LA CARTA A LOS REYES MAGOS EN INFANTIL CON LOS GRANDES DE LA ESCUELA\" tabindex=\"-1\" >\n\t\t\tLeer m\u00e1s\t\t<\/a>\n\n\t\t\t\t<\/div>\n\t\t\t\t<\/article>\n\t\t\t\t<article class=\"elementor-post elementor-grid-item post-1824 post type-post status-publish format-standard has-post-thumbnail hentry category-sin-categorizar\" role=\"listitem\">\n\t\t\t\t<a class=\"elementor-post__thumbnail__link\" href=\"https:\/\/www.garbinye.net\/es\/festival-musical-2025-donaciones-para-la-marato-contra-el-cancer\/\" tabindex=\"-1\" >\n\t\t\t<div class=\"elementor-post__thumbnail\"><img loading=\"lazy\" decoding=\"async\" width=\"724\" height=\"1024\" src=\"https:\/\/www.garbinye.net\/wp-content\/uploads\/2025\/12\/CASTE-724x1024.png\" class=\"attachment-large size-large wp-image-1823\" alt=\"\" srcset=\"https:\/\/www.garbinye.net\/wp-content\/uploads\/2025\/12\/CASTE-724x1024.png 724w, https:\/\/www.garbinye.net\/wp-content\/uploads\/2025\/12\/CASTE-212x300.png 212w, https:\/\/www.garbinye.net\/wp-content\/uploads\/2025\/12\/CASTE-768x1086.png 768w, https:\/\/www.garbinye.net\/wp-content\/uploads\/2025\/12\/CASTE-1086x1536.png 1086w, https:\/\/www.garbinye.net\/wp-content\/uploads\/2025\/12\/CASTE.png 1414w\" sizes=\"(max-width: 724px) 100vw, 724px\" \/><\/div>\n\t\t<\/a>\n\t\t\t\t<div class=\"elementor-post__text\">\n\t\t\t\t<h3 class=\"elementor-post__title\">\n\t\t\t<a href=\"https:\/\/www.garbinye.net\/es\/festival-musical-2025-donaciones-para-la-marato-contra-el-cancer\/\" >\n\t\t\t\tFESTIVAL MUSICAL 2025 (DONACIONES PARA \u201cLA MARAT\u00d3 CONTRA EL C\u00c0NCER\u201d)\t\t\t<\/a>\n\t\t<\/h3>\n\t\t\t\t<div class=\"elementor-post__meta-data\">\n\t\t\t\t\t<span class=\"elementor-post-date\">\n\t\t\t31 de diciembre de 2025\t\t<\/span>\n\t\t\t\t<\/div>\n\t\t\t\t<div class=\"elementor-post__excerpt\">\n\t\t\t<p>El s\u00e1bado 13 de diciembre, nuestro colegio celebr\u00f3 el festival musical en el teatro de la calle Diputaci\u00f3n 277 (Instituto<\/p>\n\t\t<\/div>\n\t\t\n\t\t<a class=\"elementor-post__read-more\" href=\"https:\/\/www.garbinye.net\/es\/festival-musical-2025-donaciones-para-la-marato-contra-el-cancer\/\" aria-label=\"Read more about FESTIVAL MUSICAL 2025 (DONACIONES PARA \u201cLA MARAT\u00d3 CONTRA EL C\u00c0NCER\u201d)\" tabindex=\"-1\" >\n\t\t\tLeer m\u00e1s\t\t<\/a>\n\n\t\t\t\t<\/div>\n\t\t\t\t<\/article>\n\t\t\t\t<article class=\"elementor-post elementor-grid-item post-1806 post type-post status-publish format-standard has-post-thumbnail hentry category-sin-categorizar\" role=\"listitem\">\n\t\t\t\t<a class=\"elementor-post__thumbnail__link\" href=\"https:\/\/www.garbinye.net\/es\/la-castanada-mas-divertida\/\" tabindex=\"-1\" >\n\t\t\t<div class=\"elementor-post__thumbnail\"><img loading=\"lazy\" decoding=\"async\" width=\"800\" height=\"600\" src=\"https:\/\/www.garbinye.net\/wp-content\/uploads\/2025\/10\/2-1024x768.png\" class=\"attachment-large size-large wp-image-1802\" alt=\"\" srcset=\"https:\/\/www.garbinye.net\/wp-content\/uploads\/2025\/10\/2-1024x768.png 1024w, https:\/\/www.garbinye.net\/wp-content\/uploads\/2025\/10\/2-300x225.png 300w, https:\/\/www.garbinye.net\/wp-content\/uploads\/2025\/10\/2-768x576.png 768w, https:\/\/www.garbinye.net\/wp-content\/uploads\/2025\/10\/2-1536x1152.png 1536w, https:\/\/www.garbinye.net\/wp-content\/uploads\/2025\/10\/2.png 2016w\" sizes=\"(max-width: 800px) 100vw, 800px\" \/><\/div>\n\t\t<\/a>\n\t\t\t\t<div class=\"elementor-post__text\">\n\t\t\t\t<h3 class=\"elementor-post__title\">\n\t\t\t<a href=\"https:\/\/www.garbinye.net\/es\/la-castanada-mas-divertida\/\" >\n\t\t\t\t\u00a1LA CASTA\u00d1ADA M\u00c1S DIVERTIDA!\t\t\t<\/a>\n\t\t<\/h3>\n\t\t\t\t<div class=\"elementor-post__meta-data\">\n\t\t\t\t\t<span class=\"elementor-post-date\">\n\t\t\t31 de octubre de 2025\t\t<\/span>\n\t\t\t\t<\/div>\n\t\t\t\t<div class=\"elementor-post__excerpt\">\n\t\t\t<p>Este jueves 30 de octubre por la tarde, todo el alumnado de nuestro colegio hemos celebrado \u201cLa Casta\u00f1ada\u201d. Han tra\u00eddo<\/p>\n\t\t<\/div>\n\t\t\n\t\t<a class=\"elementor-post__read-more\" href=\"https:\/\/www.garbinye.net\/es\/la-castanada-mas-divertida\/\" aria-label=\"Read more about \u00a1LA CASTA\u00d1ADA M\u00c1S DIVERTIDA!\" tabindex=\"-1\" >\n\t\t\tLeer m\u00e1s\t\t<\/a>\n\n\t\t\t\t<\/div>\n\t\t\t\t<\/article>\n\t\t\t\t<article class=\"elementor-post elementor-grid-item post-1796 post type-post status-publish format-standard has-post-thumbnail hentry category-sin-categorizar\" role=\"listitem\">\n\t\t\t\t<a class=\"elementor-post__thumbnail__link\" href=\"https:\/\/www.garbinye.net\/es\/educacion-infantil-fiesta-de-otono-y-salida-al-parque\/\" tabindex=\"-1\" >\n\t\t\t<div class=\"elementor-post__thumbnail\"><img loading=\"lazy\" decoding=\"async\" width=\"1\" height=\"1\" src=\"https:\/\/www.garbinye.net\/wp-content\/uploads\/2025\/10\/CASTE-4.png\" class=\"attachment-large size-large wp-image-1789\" alt=\"\" \/><\/div>\n\t\t<\/a>\n\t\t\t\t<div class=\"elementor-post__text\">\n\t\t\t\t<h3 class=\"elementor-post__title\">\n\t\t\t<a href=\"https:\/\/www.garbinye.net\/es\/educacion-infantil-fiesta-de-otono-y-salida-al-parque\/\" >\n\t\t\t\tEDUCACI\u00d3N INFANTIL: FIESTA DE OTO\u00d1O Y SALIDA AL PARQUE\t\t\t<\/a>\n\t\t<\/h3>\n\t\t\t\t<div class=\"elementor-post__meta-data\">\n\t\t\t\t\t<span class=\"elementor-post-date\">\n\t\t\t31 de octubre de 2025\t\t<\/span>\n\t\t\t\t<\/div>\n\t\t\t\t<div class=\"elementor-post__excerpt\">\n\t\t\t<p>El pasado mi\u00e9rcoles 22 de octubre, nuestros alumnos de educaci\u00f3n infantil (I3, I4 e I5) hicieron la fiesta del oto\u00f1o.<\/p>\n\t\t<\/div>\n\t\t\n\t\t<a class=\"elementor-post__read-more\" href=\"https:\/\/www.garbinye.net\/es\/educacion-infantil-fiesta-de-otono-y-salida-al-parque\/\" aria-label=\"Read more about EDUCACI\u00d3N INFANTIL: FIESTA DE OTO\u00d1O Y SALIDA AL PARQUE\" tabindex=\"-1\" >\n\t\t\tLeer m\u00e1s\t\t<\/a>\n\n\t\t\t\t<\/div>\n\t\t\t\t<\/article>\n\t\t\t\t<\/div>\n\t\t\n\t\t\t\t<div class=\"e-load-more-anchor\" data-page=\"1\" data-max-page=\"4\" data-next-page=\"https:\/\/www.garbinye.net\/es\/wp-json\/wp\/v2\/pages\/1321\/page\/2\/\"><\/div>\n\t\t\t\t<nav class=\"elementor-pagination\" aria-label=\"Pagination\">\n\t\t\t<span class=\"page-numbers prev\">Anterior<\/span>\n<span aria-current=\"page\" class=\"page-numbers current\"><span class=\"elementor-screen-only\">Page<\/span>1<\/span>\n<a class=\"page-numbers\" href=\"https:\/\/www.garbinye.net\/es\/wp-json\/wp\/v2\/pages\/1321\/page\/2\/\"><span class=\"elementor-screen-only\">Page<\/span>2<\/a>\n<a class=\"page-numbers\" href=\"https:\/\/www.garbinye.net\/es\/wp-json\/wp\/v2\/pages\/1321\/page\/3\/\"><span class=\"elementor-screen-only\">Page<\/span>3<\/a>\n<a class=\"page-numbers\" href=\"https:\/\/www.garbinye.net\/es\/wp-json\/wp\/v2\/pages\/1321\/page\/4\/\"><span class=\"elementor-screen-only\">Page<\/span>4<\/a>\n<a class=\"page-numbers next\" href=\"https:\/\/www.garbinye.net\/es\/wp-json\/wp\/v2\/pages\/1321\/page\/2\/\">Siguiente<\/a>\t\t<\/nav>\n\t\t\t\t\t\t<\/div>\n\t\t\t\t<\/div>\n\t\t\t\t<\/div>\n\t\t\t\t\t<\/div>\n\t\t\t\t<\/div>\n\t\t\t\t<\/div>\n\t\t","protected":false},"excerpt":{"rendered":"<p>Noticias<\/p>\n","protected":false},"author":1,"featured_media":0,"parent":0,"menu_order":0,"comment_status":"closed","ping_status":"closed","template":"","meta":{"footnotes":""},"class_list":["post-1321","page","type-page","status-publish","hentry"],"_links":{"self":[{"href":"https:\/\/www.garbinye.net\/es\/wp-json\/wp\/v2\/pages\/1321","targetHints":{"allow":["GET"]}}],"collection":[{"href":"https:\/\/www.garbinye.net\/es\/wp-json\/wp\/v2\/pages"}],"about":[{"href":"https:\/\/www.garbinye.net\/es\/wp-json\/wp\/v2\/types\/page"}],"author":[{"embeddable":true,"href":"https:\/\/www.garbinye.net\/es\/wp-json\/wp\/v2\/users\/1"}],"replies":[{"embeddable":true,"href":"https:\/\/www.garbinye.net\/es\/wp-json\/wp\/v2\/comments?post=1321"}],"version-history":[{"count":10,"href":"https:\/\/www.garbinye.net\/es\/wp-json\/wp\/v2\/pages\/1321\/revisions"}],"predecessor-version":[{"id":1349,"href":"https:\/\/www.garbinye.net\/es\/wp-json\/wp\/v2\/pages\/1321\/revisions\/1349"}],"wp:attachment":[{"href":"https:\/\/www.garbinye.net\/es\/wp-json\/wp\/v2\/media?parent=1321"}],"curies":[{"name":"wp","href":"https:\/\/api.w.org\/{rel}","templated":true}]}}